{"id":5715,"date":"2020-12-17T20:58:19","date_gmt":"2020-12-17T18:58:19","guid":{"rendered":"https:\/\/xrcb.cat\/ca\/?post_type=podcast&#038;p=5715"},"modified":"2020-12-17T20:58:19","modified_gmt":"2020-12-17T18:58:19","slug":"radioteatre-mobil-de-sergi-belbel","status":"publish","type":"podcast","link":"https:\/\/xrclab.cat\/en\/podcast\/radioteatre-mobil-de-sergi-belbel\/","title":{"rendered":"Radioteatre: \u2018M\u00f2bil\u2019, de Sergi Belbel"},"content":{"rendered":"<p>Aquest programa \u00e9s el resultat de mesos de feina. Setmanes d\u2019esfor\u00e7 per part dels integrants de\u00a0<strong>\u2018No sabem on anem<\/strong>\u2018, el grup teatral vinculat a la\u00a0<a href=\"http:\/\/www.fch.cat\/\" target=\"_blank\" rel=\"noopener noreferrer\"><strong>Fundaci\u00f3 Cultural Hostafrancs<\/strong><\/a>\u00a0que treballa ben a conscic\u00e8ncia els textos que decideix representar. Aquest passat any 2017, un dels actors del grup, \u00c1lvaro Rico, es va encarregar de dirigir \u2018M\u00f2bil\u2019, una creaci\u00f3 de Sergi Belbel que es va estrenar a Reus l\u2019any 2.006.<\/p>\n<p>L\u2019atemptat en un aeroport i el tel\u00e8fon m\u00f2bil, ent\u00e8s com una eina que condiciona les nostres vides, \u00e9s el fil conductor d\u2019aquesta obra en qu\u00e8 quatre persones s\u2019encreuen gr\u00e0cies al tel\u00e8fon. \u2018M\u00f2bil\u2019 reflexiona sobre aquest aparell i com sovint ens permet parlar amb molta m\u00e9s llibertat que si tenim la persona al davant.<\/p>\n<p>Com acostuma a passar amb el teatre de Sergi Belbel, \u2018M\u00f2bil\u2019 exprem els personatges de tal manera que situa els actors i actrius davant del repte de transitar -a vegades en q\u00fcesti\u00f3 de pocs minuts- entre l\u2019alegria i la tristor, entre la com\u00e8dia i la trag\u00e8dia.<\/p>\n<p>Per aix\u00f2 \u00e9s molt evident, com podreu comprovar tot seguit, l\u2019esfor\u00e7 que han fet les tres actrius i l\u2019actor de \u00abNo sabem on anem\u00bb que protagonitzen aquesta versi\u00f3 de \u2018M\u00f2bil\u2019. El ritme de l\u2019obra, el foc creuat de converses telef\u00f2niques i d\u2019escenaris paral\u00b7lels, han representat un repte afegit a l\u2019hora de posar en marxa l\u2019adaptaci\u00f3 radiof\u00f2nica que hem fet a\u00a0<strong>R\u00e0dio Hostafrancs<\/strong>.<\/p>\n","protected":false},"author":38,"template":"","podcast_category":[941],"podcast_tag":[1040],"podcast_programa":[1039],"class_list":["post-5715","podcast","type-podcast","status-publish","hentry","podcast_category-radio-art","podcast_tag-radioteatre","podcast_programa-radioteatre"],"acf":[],"_links":{"self":[{"href":"https:\/\/xrclab.cat\/en\/wp-json\/wp\/v2\/podcasts\/5715","targetHints":{"allow":["GET"]}}],"collection":[{"href":"https:\/\/xrclab.cat\/en\/wp-json\/wp\/v2\/podcasts"}],"about":[{"href":"https:\/\/xrclab.cat\/en\/wp-json\/wp\/v2\/types\/podcast"}],"author":[{"embeddable":true,"href":"https:\/\/xrclab.cat\/en\/wp-json\/wp\/v2\/users\/38"}],"wp:attachment":[{"href":"https:\/\/xrclab.cat\/en\/wp-json\/wp\/v2\/media?parent=5715"}],"wp:term":[{"taxonomy":"podcast_category","embeddable":true,"href":"https:\/\/xrclab.cat\/en\/wp-json\/wp\/v2\/podcast_category?post=5715"},{"taxonomy":"podcast_tag","embeddable":true,"href":"https:\/\/xrclab.cat\/en\/wp-json\/wp\/v2\/podcast_tag?post=5715"},{"taxonomy":"podcast_programa","embeddable":true,"href":"https:\/\/xrclab.cat\/en\/wp-json\/wp\/v2\/podcast_programa?post=5715"}],"curies":[{"name":"wp","href":"https:\/\/api.w.org\/{rel}","templated":true}]}}