{"id":8128,"date":"2022-02-24T15:55:44","date_gmt":"2022-02-24T13:55:44","guid":{"rendered":"https:\/\/xrcb.cat\/ca\/?post_type=podcast&#038;p=8128"},"modified":"2022-02-24T15:55:44","modified_gmt":"2022-02-24T13:55:44","slug":"je-suis-de-la-martinique-ana-sousa","status":"publish","type":"podcast","link":"https:\/\/xrclab.cat\/ca\/podcast\/je-suis-de-la-martinique-ana-sousa\/","title":{"rendered":"Je Suis de la Martinique &#8211; Ana Sousa"},"content":{"rendered":"<p>Ana Sousa del programa Sons Da Lusofonia, locutora de la emisora vecina R\u00e0dio Ciutat Vella, nos regala un viaje por diferentes pa\u00edses de habla portuguesa. Sousa da cobertura en su programa a artistas de pa\u00edses como Guinea Bissau o Santo Tom\u00e9 y Pr\u00edncipe. Si eres oriundo de algunos de estos pa\u00edses y quieres participar en su programa de los martes puedes escribirle a opa@opalusofona.com.<\/p>\n<p>Ant\u00f3nio Varia\u00e7\u00f5es &#8211; Dar &amp; Receber &#8211; Dar &amp; Receber (EMI, 1984)<br \/>\nClara Nunes &#8211; Canto Das Tr\u00eas Ra\u00e7as &#8211; Para Sempre (Odeon, 1976)<br \/>\nElza Soares &#8211; Pra Fuder &#8211; A Mulher Do Fim Do Mundo (Mais Um Discos, 2016)<br \/>\nBonga &#8211; Kambua &#8211; Hora Kota (Lusafrica, 2011)<br \/>\nCesaria Evora &#8211; No Antone Escaderode &#8211; Caf\u00e9 Atlantico (Lusafrica, 2000)<br \/>\nConjunto Jovens Africanos &#8211; Volta Pa Terra &#8211; Nhu Djon \/ Volta Pa Terra (Ostinato Records, 2018)<br \/>\nZ\u00e9 Manel &amp; 2M G-B &#8211; Bardade Dentro Di Bardade &#8211; Tustumunhos Di Aonti&#8230; (Cobiana Records, 1982)<br \/>\nSuper Mama Djombo &#8211; Super Mama Djombo &#8211; Dissan Na M&#8217;Bera (Cobiana Records, 2003)<br \/>\nManuel Gomes &#8211; Jelivra\u0300 Bo Situac\u0327on &#8211; Synthesize the Soul (Ostinato Records, 2017)<br \/>\nClaudia &#8211; Deixa Eu Dizer &#8211; Deixa Eu Dizer (Odeon, 1973)<br \/>\nBaiana System &#8211; Nesse Mundo &#8211; BaianaSystem (Garimpo M\u00fasica , 2010)<\/p>\n","protected":false},"author":41,"template":"","podcast_category":[939,972],"podcast_tag":[1143,99],"podcast_programa":[],"class_list":["post-8128","podcast","type-podcast","status-publish","hentry","podcast_category-cultura","podcast_category-radio","podcast_tag-radiocomunitaria","podcast_tag-musica"],"acf":[],"_links":{"self":[{"href":"https:\/\/xrclab.cat\/ca\/wp-json\/wp\/v2\/podcasts\/8128","targetHints":{"allow":["GET"]}}],"collection":[{"href":"https:\/\/xrclab.cat\/ca\/wp-json\/wp\/v2\/podcasts"}],"about":[{"href":"https:\/\/xrclab.cat\/ca\/wp-json\/wp\/v2\/types\/podcast"}],"author":[{"embeddable":true,"href":"https:\/\/xrclab.cat\/ca\/wp-json\/wp\/v2\/users\/41"}],"wp:attachment":[{"href":"https:\/\/xrclab.cat\/ca\/wp-json\/wp\/v2\/media?parent=8128"}],"wp:term":[{"taxonomy":"podcast_category","embeddable":true,"href":"https:\/\/xrclab.cat\/ca\/wp-json\/wp\/v2\/podcast_category?post=8128"},{"taxonomy":"podcast_tag","embeddable":true,"href":"https:\/\/xrclab.cat\/ca\/wp-json\/wp\/v2\/podcast_tag?post=8128"},{"taxonomy":"podcast_programa","embeddable":true,"href":"https:\/\/xrclab.cat\/ca\/wp-json\/wp\/v2\/podcast_programa?post=8128"}],"curies":[{"name":"wp","href":"https:\/\/api.w.org\/{rel}","templated":true}]}}