{"id":8114,"date":"2022-02-24T13:39:33","date_gmt":"2022-02-24T11:39:33","guid":{"rendered":"https:\/\/xrcb.cat\/ca\/?post_type=podcast&#038;p=8114"},"modified":"2022-02-24T15:17:27","modified_gmt":"2022-02-24T13:17:27","slug":"je-suis-de-la-martinique-jesus-ma-catalan-daniel-nellstrum","status":"publish","type":"podcast","link":"https:\/\/xrclab.cat\/ca\/podcast\/je-suis-de-la-martinique-jesus-ma-catalan-daniel-nellstrum\/","title":{"rendered":"Je Suis de la Martinique &#8211; Jesus Mar\u00eda Catala\u0301n &amp; Daniel Nellstrum"},"content":{"rendered":"<p>Le dedicamos este nuevo Je suis de la Martinique al m\u00fasico ovetense Jes\u00fas Mar\u00eda Catal\u00e1n. Estos d\u00edas el sello australiano Left Ear Records publica una reedici\u00f3n en vinilo de su cinta que grab\u00f3 con su proyecto Respuesta Alternativa. El teclista astur tambi\u00e9n colabor\u00f3 en el segundo Lp de Danza Invisible y tambi\u00e9n flirte\u00f3 con el techno en los primeros 90. Su pasi\u00f3n por el motor le ha llevado a comentar la f\u00f3rmula 1 para la televisi\u00f3n auton\u00f3mica asturiana. Hablamos tambi\u00e9n con Daniel Nellstrum responsable de la producci\u00f3n y al que puedes seguir en el destacado canal de Youtube, Tuharrdosons.<\/p>\n<p>Respuesta Alternativa &#8211; Amigos &#8211; Grata Compa\u00f1\u00eda (Left Ear Records, 2018)<br \/>\nRespuesta Alternativa &#8211; Grata Compa\u00f1\u00eda &#8211; Grata Compa\u00f1\u00eda (Left Ear Records, 2018)<br \/>\nRespuesta Alternativa &#8211; Andy &#8211; Grata Compa\u00f1\u00eda (Left Ear Records, 2018)<br \/>\nDanza Invisible- Por la fuerza &#8211; Maraton (Ariola, 1985)<br \/>\nRespuesta Alternativa &#8211; Dentro y fuera &#8211; &#8220;85 \/ 86&#8221; (Fusion D.E. Producciones, 1987)<br \/>\nRespuesta Alternativa &#8211; Snow Bound &#8211; &#8220;85 \/ 86&#8221; (Fusion D.E. Producciones, 1987)<br \/>\nJes\u00fas Maria Catalan &#8211; Sonrisa &#8211; Unreleased<br \/>\nJes\u00fas Mar\u00eda Catal\u00e1n &#8211; Mi guitarra &#8211; Unreleased<\/p>\n<p>&nbsp;<\/p>\n","protected":false},"author":41,"template":"","podcast_category":[939,972],"podcast_tag":[1143,99],"podcast_programa":[],"class_list":["post-8114","podcast","type-podcast","status-publish","hentry","podcast_category-cultura","podcast_category-radio","podcast_tag-radiocomunitaria","podcast_tag-musica"],"acf":[],"_links":{"self":[{"href":"https:\/\/xrclab.cat\/ca\/wp-json\/wp\/v2\/podcasts\/8114","targetHints":{"allow":["GET"]}}],"collection":[{"href":"https:\/\/xrclab.cat\/ca\/wp-json\/wp\/v2\/podcasts"}],"about":[{"href":"https:\/\/xrclab.cat\/ca\/wp-json\/wp\/v2\/types\/podcast"}],"author":[{"embeddable":true,"href":"https:\/\/xrclab.cat\/ca\/wp-json\/wp\/v2\/users\/41"}],"wp:attachment":[{"href":"https:\/\/xrclab.cat\/ca\/wp-json\/wp\/v2\/media?parent=8114"}],"wp:term":[{"taxonomy":"podcast_category","embeddable":true,"href":"https:\/\/xrclab.cat\/ca\/wp-json\/wp\/v2\/podcast_category?post=8114"},{"taxonomy":"podcast_tag","embeddable":true,"href":"https:\/\/xrclab.cat\/ca\/wp-json\/wp\/v2\/podcast_tag?post=8114"},{"taxonomy":"podcast_programa","embeddable":true,"href":"https:\/\/xrclab.cat\/ca\/wp-json\/wp\/v2\/podcast_programa?post=8114"}],"curies":[{"name":"wp","href":"https:\/\/api.w.org\/{rel}","templated":true}]}}